{"id":9736,"date":"2024-03-25T15:04:31","date_gmt":"2024-03-25T14:04:31","guid":{"rendered":"https:\/\/www.editions-libel.fr\/maison-edition\/?post_type=product&#038;p=9736"},"modified":"2025-11-21T12:31:46","modified_gmt":"2025-11-21T11:31:46","slug":"rencontres-avec-la-nuee-de-feu","status":"publish","type":"product","link":"https:\/\/www.editions-libel.fr\/maison-edition\/boutique\/rencontres-avec-la-nuee-de-feu\/","title":{"rendered":"Rencontres avec la nu\u00e9e de feu"},"content":{"rendered":"[vc_row][vc_column][vc_column_text]<a href=\"https:\/\/heyzine.com\/flip-book\/39dcff8fcc.html\" target=\"_blank\" rel=\"noopener\"><span style=\"text-decoration: underline;\">Feuilleter un extrait<\/span><\/a><br \/>\n<a href=\"https:\/\/www.editions-libel.fr\/maison-edition\/wp-content\/uploads\/DP_LIBEL_ROSSET.pdf\" target=\"_blank\" rel=\"noopener\"><span style=\"text-decoration: underline;\">Dossier de presse<\/span><\/a><br \/>\n<a href=\"https:\/\/www.editions-libel.fr\/maison-edition\/wp-content\/uploads\/NOTICE_LIBEL_ROSSET.pdf\" target=\"_blank\" rel=\"noopener\"><span style=\"text-decoration: underline;\">Notice libraire<\/span><\/a>[\/vc_column_text][\/vc_column][\/vc_row]\n","protected":false},"excerpt":{"rendered":"<div id=\"tab-2c94af60-a783-10\" class=\"wpb_tab ui-tabs-panel wpb_ui-tabs-hide vc_clearfix ui-widget-content ui-corner-bottom\" role=\"tabpanel\" aria-labelledby=\"ui-id-1\" aria-hidden=\"false\">\n<div class=\"wpb_text_column wpb_content_element \">\n<div class=\"wpb_wrapper\">\n<p><strong>Le testament spirituel de Gabriel Rosset<\/strong><\/p>\n<p class=\"p1\">Le pr\u00e9sent ouvrage est la troisi\u00e8me \u00e9dition du texte de Gabriel Rosset, fondateur en 1950 du Foyer Notre-Dame des Sans-Abri. V\u00e9ritable autobiographie posthume de son auteur, <em>Rencontres avec la nu\u00e9e de feu<\/em> explore ses souvenirs, son engagement et son cheminement.<br \/>\n\u00c0 l\u2019occasion du 120e\u00a0anniversaire de sa naissance et du 50e\u00a0anniversaire de sa disparition brutale, le livre propose une version enrichie et comment\u00e9e du texte original, pr\u00e9cisant notamment le contexte historique dans lequel fut cr\u00e9\u00e9 Le Foyer.<br \/>\n\u00ab\u2009Non, la charit\u00e9 n\u2019est ni une r\u00e9paration (d\u00e9risoire) ni un rem\u00e8de (inefficace) de l\u2019injustice dans la distribution des biens. La charit\u00e9 est un lien entre les hommes. Elle est ce qui nous unit myst\u00e9rieusement et fait de l\u2019humanit\u00e9 un grand corps vivant.\u2009\u00bb<\/p>\n<p><em><strong>Un ouvrage publi\u00e9 avec le Foyer Notre-Dame des Sans-Abri<\/strong><\/em><\/p>\n<\/div>\n<\/div>\n<\/div>\n","protected":false},"featured_media":9739,"template":"","meta":[],"product_cat":[71,77,82,17,22,25],"product_tag":[120,141,111,95,98],"class_list":["post-9736","product","type-product","status-publish","has-post-thumbnail","hentry","product_cat-arts","product_cat-histoire-2","product_cat-libel","product_cat-lyon","product_cat-recit","product_cat-societe","product_tag-amenagement","product_tag-autobiographie","product_tag-histoire","product_tag-lyon","product_tag-spiritualite"],"_links":{"self":[{"href":"https:\/\/www.editions-libel.fr\/maison-edition\/wp-json\/wp\/v2\/product\/9736","targetHints":{"allow":["GET"]}}],"collection":[{"href":"https:\/\/www.editions-libel.fr\/maison-edition\/wp-json\/wp\/v2\/product"}],"about":[{"href":"https:\/\/www.editions-libel.fr\/maison-edition\/wp-json\/wp\/v2\/types\/product"}],"wp:featuredmedia":[{"embeddable":true,"href":"https:\/\/www.editions-libel.fr\/maison-edition\/wp-json\/wp\/v2\/media\/9739"}],"wp:attachment":[{"href":"https:\/\/www.editions-libel.fr\/maison-edition\/wp-json\/wp\/v2\/media?parent=9736"}],"wp:term":[{"taxonomy":"product_cat","embeddable":true,"href":"https:\/\/www.editions-libel.fr\/maison-edition\/wp-json\/wp\/v2\/product_cat?post=9736"},{"taxonomy":"product_tag","embeddable":true,"href":"https:\/\/www.editions-libel.fr\/maison-edition\/wp-json\/wp\/v2\/product_tag?post=9736"}],"curies":[{"name":"wp","href":"https:\/\/api.w.org\/{rel}","templated":true}]}}