{"id":955,"date":"2014-11-20T07:45:11","date_gmt":"2014-11-20T06:45:11","guid":{"rendered":"http:\/\/www.editions-libel.fr\/2016\/?post_type=product&#038;p=955"},"modified":"2025-12-12T12:16:02","modified_gmt":"2025-12-12T11:16:02","slug":"carnet-glace","status":"publish","type":"product","link":"https:\/\/www.editions-libel.fr\/maison-edition\/boutique\/carnet-glace\/","title":{"rendered":"Carnet glac\u00e9"},"content":{"rendered":"[vc_row][vc_column][vc_column_text]<span style=\"text-decoration: underline;\"><a href=\"https:\/\/heyzine.com\/flip-book\/a8db9e7a13.html\" target=\"_blank\" rel=\"noopener noreferrer\">Feuilleter un extrait<\/a><\/span><br \/>\n<span style=\"text-decoration: underline;\"><a href=\"http:\/\/wpwoocom2.editions-libel.fr\/wp-content\/uploads\/2014\/11\/carnetglace-presse.pdf\" target=\"_blank\" rel=\"noopener noreferrer\">Dossier de presse<\/a><\/span><br \/>\n<span style=\"text-decoration: underline;\"><a href=\"http:\/\/wpwoocom2.editions-libel.fr\/wp-content\/uploads\/2014\/11\/carnetglace-notice.pdf\" target=\"_blank\" rel=\"noopener noreferrer\">Notice libraire<\/a><\/span>[\/vc_column_text][\/vc_column][\/vc_row]\n","protected":false},"excerpt":{"rendered":"<p><strong>Journal d&rsquo;une mission scientifique en\u00a0haute montagne<br \/>\n<\/strong>Une \u00e9quipe de scientifiques s\u2019installe sur le glacier du col du <em>Combatant<\/em>au Canada. Pendant un mois, ils travaillent jour et nuit pour retirer des centaines de m\u00e8tres de carottes de glace, gardiennes de la m\u00e9moire des montagnes. Marion Bisiaux, jeune glaciologue, tient le carnet de bord de cette aventure glac\u00e9e.<\/p>\n<p><span class=\"ou_acheter\"><em><strong>Prix du Pays du Mont-Blanc<\/strong>, section beaux livres, Salon international du livre de montagne de Passy, 2015<\/em><br \/>\n<em><strong>Coup de c\u0153ur du Jury du Prix Ren\u00e9 Desmaison,<\/strong> Festival du livre et de l\u2019image de montagne de L\u2019Argenti\u00e8re-La Bess\u00e9e, 2015<\/em>\u00a0<\/span><\/p>\n<p>Pour assurer sa publication, l\u2019ouvrage <em>Carnet glac\u00e9. Journal d\u2019une mission scientifique en haute montagne\u00a0<\/em>a fait l\u2019objet d\u2019un financement participatif sur la plateforme KissKissBankBank : <a href=\"http:\/\/www.kisskissbankbank.com\/carnet-glace\" target=\"_blank\" rel=\"noopener noreferrer\">www.kisskissbankbank.com\/carnet-glace<\/a><br \/>\nQue les 130 contributeurs, ainsi que son Mentor <a href=\"http:\/\/www.echosciences-grenoble.fr\/\" target=\"_blank\" rel=\"noopener noreferrer\"><strong>Echosciences Grenoble<\/strong><\/a>, en soient remerci\u00e9s !<\/p>\n<span class=\"collapseomatic \" id=\"id69edcd38044f4\"  tabindex=\"0\" title=\"Voir plus\"    >Voir plus<\/span><div id=\"target-id69edcd38044f4\" class=\"collapseomatic_content \"><br \/>\n<span class=\"TexteLegende\">Marc-Olivier Paux, Marie-Solange Fain, Fran\u00e7oise Chaffard, Dominique L\u00e9tang, Vincent Bernard, Annie Bernard, Jeannie Berrou, Jorge Jimenez, H\u00e9l\u00e8ne Bisiaux, Pierre Witt, Ghislaine Dupr\u00e9, Camille Sutter, Anne-Savine Gilbert-Marmasse, Marie-Odile Auvray, Caroline Hue, Elodie Delicourt, Jocelyn Millet, Sylvain Deville, Alexandre Michel, Antoine Reserbat-Plantey, Sylvain Foissac, Arnaud Baleydier, Olivier Gagliardini, Antoine Rabatel, Zo\u00e9 Tric, Anna McKee, Aur\u00e9lien Dommergue, Yves Arnaud, V\u00e9ronique Dansereau, Pauline Rabez, Laetitia Fontaine, Aur\u00e9lie Bordenave, Philippe Passebon, Jordi Blas, Violaine Vignon, Louise Raguet, Anne-Lise Ducluzeau, David Dal Busco, Cl\u00e9ment et Nathalie Charr\u00e9-Brasset, H\u00e9l\u00e8ne Deschamps, Anne-Sophie Drouet, Doris Reynaud, Elsa Furet, Roland Gaudin, Philippe Denoyelle, Lucie Maignan, Elisabeth Fain, Christine Piot, Catherine Ritz, Kelley Sterle, Marie Savioz, Julien Barbiez, Lucile Couvreur, Claudine Lecuyer, Fran\u00e7oise Aubry, Sandrine Ham\u00e8s, Claude Comet, Jade Le Ma\u00eetre, Delphine Couteaux, Albert Cano, H\u00e9l\u00e8ne Delarroqua, Philippe Vouillon, Olivier Alexandre, R\u00e9mi Aubert, Christian Neum\u00fcller, Axel Joder, Marion J-J, Simon Andriot, Flore Escande, Caroline Furet, Anouk Briguet, V\u00e9ronique Mercier, Axel Calvet, Fran\u00e7ois Dufour, Jacques-Marie Fran\u00e7illon, Maud Chapuis, Nicolas Baldeck, Catherine Didon, Catherine Martin, Adrien Gilbert, Philippe Livet, S\u00e9gol\u00e8ne Debost, Fr\u00e9d\u00e9ric Griffon, Serge Marchal, Sandrine Maximilien, Lucie Albon, Yves Laruelle, Thomas Nogaret, Lo\u00efc Bommersbach, Amandine Escande, Emilie Neveu, Elise Badaroux, Delphine Six, H\u00e9lo\u00efse Bouillard, Anne-Marie Meunier, C\u00e9cile Agosta, Yohann Rech, Marie Furet, Livier Lizarraga, Julien Marin, Sabine Fain, Anne-Sophie Taillandier, Nicolas Girault, Gilles Marmasse, Vincent Peyaud, Michel-Andr\u00e9 Durand, Laurent Chicoineau, Alain Denoyelle, Marion Bendyk, Fabien Chartier, Xavier Fain, Florian Lemari\u00e9, Marie Chaffard, Camille Raul, Pascale Jauneau, Peter Neff, Juliette Chevy, Marion Sabourdy, Marie Rousselot, Guillaume All\u00e8gre, Henriette Chaffard, Eric Pellegrin, Fran\u00e7ois Jannin, Th\u00e9r\u00e8se Auvray, Bruno Fain, Agn\u00e8s Grunert, Florian Vallet, Anne-Laure Bernard.<\/span><\/p>\n<p><\/div>\n","protected":false},"featured_media":5693,"template":"","meta":[],"product_cat":[77,82,20,43,22,24],"product_tag":[92,129,91,94],"class_list":["post-955","product","type-product","status-publish","has-post-thumbnail","hentry","product_cat-histoire-2","product_cat-libel","product_cat-montagne","product_cat-patrimoines","product_cat-recit","product_cat-sciences","product_tag-ecologie","product_tag-metier","product_tag-montagne","product_tag-sciences"],"_links":{"self":[{"href":"https:\/\/www.editions-libel.fr\/maison-edition\/wp-json\/wp\/v2\/product\/955","targetHints":{"allow":["GET"]}}],"collection":[{"href":"https:\/\/www.editions-libel.fr\/maison-edition\/wp-json\/wp\/v2\/product"}],"about":[{"href":"https:\/\/www.editions-libel.fr\/maison-edition\/wp-json\/wp\/v2\/types\/product"}],"wp:featuredmedia":[{"embeddable":true,"href":"https:\/\/www.editions-libel.fr\/maison-edition\/wp-json\/wp\/v2\/media\/5693"}],"wp:attachment":[{"href":"https:\/\/www.editions-libel.fr\/maison-edition\/wp-json\/wp\/v2\/media?parent=955"}],"wp:term":[{"taxonomy":"product_cat","embeddable":true,"href":"https:\/\/www.editions-libel.fr\/maison-edition\/wp-json\/wp\/v2\/product_cat?post=955"},{"taxonomy":"product_tag","embeddable":true,"href":"https:\/\/www.editions-libel.fr\/maison-edition\/wp-json\/wp\/v2\/product_tag?post=955"}],"curies":[{"name":"wp","href":"https:\/\/api.w.org\/{rel}","templated":true}]}}