{"id":950,"date":"2013-10-10T07:37:00","date_gmt":"2013-10-10T06:37:00","guid":{"rendered":"http:\/\/www.editions-libel.fr\/2016\/?post_type=product&#038;p=950"},"modified":"2025-12-12T12:21:14","modified_gmt":"2025-12-12T11:21:14","slug":"en-attendant-la-prochaine-ere-glaciaire","status":"publish","type":"product","link":"https:\/\/www.editions-libel.fr\/maison-edition\/boutique\/en-attendant-la-prochaine-ere-glaciaire\/","title":{"rendered":"En attendant la prochaine \u00e8re glaciaire"},"content":{"rendered":"[vc_row][vc_column][vc_column_text]<span style=\"text-decoration: underline;\"><a href=\"https:\/\/heyzine.com\/flip-book\/0e98200df8.html\" target=\"_blank\" rel=\"noopener noreferrer\">Feuilleter un extrait<\/a><\/span><br \/>\n<span style=\"text-decoration: underline;\"><a href=\"https:\/\/www.editions-libel.fr\/maison-edition\/wp-content\/uploads\/2015\/10\/PRESSE-Chroniques.pdf\" target=\"_blank\" rel=\"noopener noreferrer\">Dossier de presse<\/a><\/span><br \/>\n<span style=\"text-decoration: underline;\"><a href=\"https:\/\/www.editions-libel.fr\/maison-edition\/wp-content\/uploads\/2015\/10\/NOTICE_chroniques_OK.pdf\" target=\"_blank\" rel=\"noopener noreferrer\">Notice libraire<\/a><\/span>[\/vc_column_text][\/vc_column][\/vc_row]\n","protected":false},"excerpt":{"rendered":"<p><strong>Petites chroniques de Savoie<br \/>\n<\/strong>Pierre Witt et Maxence Fermine nous invitent en Savoie et Haute-Savoie dans 8 courtes enqu\u00eates profond\u00e9ment ancr\u00e9es dans le territoire alpin. D\u2019abord publi\u00e9s dans <em>Alpes magazine<\/em>, texte et images nous proposent un regard tendre et d\u00e9cal\u00e9 sur les montagnes et leurs habitants.<\/p>\n<p>Pour assurer sa publication, l\u2019ouvrage <em>En attendant la prochaine \u00e8re glaciaire. Petites chroniques de Savoie\u00a0<\/em>a fait l\u2019objet d\u2019un financement participatif sur la plateforme KissKissBankBank : <a href=\"http:\/\/www.kisskissbankbank.com\/en-attendant-la-prochaine-ere-glaciaire\" target=\"_blank\" rel=\"noopener noreferrer\">www.kisskissbankbank.com\/en-attendant-la-prochaine-ere-glaciaire<\/a><br \/>\nQue les 60 contributeurs en soient remerci\u00e9s !<\/p>\n<span class=\"collapseomatic \" id=\"id69f3acdd9032c\"  tabindex=\"0\" title=\"Voir plus\"    >Voir plus<\/span><div id=\"target-id69f3acdd9032c\" class=\"collapseomatic_content \"><br \/>\nGhislaine Dupr\u00e9, C\u00e9line Aguettaz, Fran\u00e7ois Lorilleux, Fran\u00e7oise Cadoux, Marie-Laure Rivoire, france Harvois, Bertrand Hivet, Delphine Payen, Christophe peyre, Pierre Cruce, Pierre Spatz, Jean-Jacques Schneegans, Fran\u00e7ois Carrel, Lucile Gillet, Dominique et Ma\u00eft\u00e9 Turenne, Bertrand Simon, Yves de la Croix, Marie Desjonqu\u00e8res, Arnaud Desjonqu\u00e8res, Robert Thierry, Beno\u00eet Andrier, Christian Harmel, Bernard Durand, Jean-Fran\u00e7ois Heitz, Emmanuelle Laforge, Aliette Lauginie, Laurent Sugy, Anne Grussner-Weiss, Agn\u00e8s et Eric Getti, Jean Grand, Vianney Tricou, Bruno Fanton, C\u00e9cile Lepage, Yves Simon, Ir\u00e8ne Bonacin\u00e9, Ariane Mathray, Fabrice Ferrari, Rosalie Ossola, Christian Neum\u00fcller, Marlyse et Robert Witt, Robert Witt, Marie-Louise Witt, Anny Haas, Chantal Humbert, Guillaume Frison, Daniel Durand, Magali Dion, Micha\u00ebl Teare, Ghislaine Dupr\u00e9 la Tour, Marie-H\u00e9l\u00e8ne Peyre, Guillaume Cardon, Jean-Marc Cordier, Betty Hog, Alain Chausson et Olivier Thevenet.<\/p>\n<p><\/div>\n","protected":false},"featured_media":5433,"template":"","meta":[],"product_cat":[82,20,21,22,23],"product_tag":[120,125,91,122],"class_list":["post-950","product","type-product","status-publish","has-post-thumbnail","hentry","product_cat-libel","product_cat-montagne","product_cat-photographie","product_cat-recit","product_cat-regionalisme","product_tag-amenagement","product_tag-communaute","product_tag-montagne","product_tag-photographie"],"_links":{"self":[{"href":"https:\/\/www.editions-libel.fr\/maison-edition\/wp-json\/wp\/v2\/product\/950","targetHints":{"allow":["GET"]}}],"collection":[{"href":"https:\/\/www.editions-libel.fr\/maison-edition\/wp-json\/wp\/v2\/product"}],"about":[{"href":"https:\/\/www.editions-libel.fr\/maison-edition\/wp-json\/wp\/v2\/types\/product"}],"wp:featuredmedia":[{"embeddable":true,"href":"https:\/\/www.editions-libel.fr\/maison-edition\/wp-json\/wp\/v2\/media\/5433"}],"wp:attachment":[{"href":"https:\/\/www.editions-libel.fr\/maison-edition\/wp-json\/wp\/v2\/media?parent=950"}],"wp:term":[{"taxonomy":"product_cat","embeddable":true,"href":"https:\/\/www.editions-libel.fr\/maison-edition\/wp-json\/wp\/v2\/product_cat?post=950"},{"taxonomy":"product_tag","embeddable":true,"href":"https:\/\/www.editions-libel.fr\/maison-edition\/wp-json\/wp\/v2\/product_tag?post=950"}],"curies":[{"name":"wp","href":"https:\/\/api.w.org\/{rel}","templated":true}]}}