{"id":5976,"date":"2019-06-18T09:56:29","date_gmt":"2019-06-18T08:56:29","guid":{"rendered":"http:\/\/dev.editions-libel.fr\/2019\/?post_type=product&#038;p=5976"},"modified":"2025-12-11T16:20:25","modified_gmt":"2025-12-11T15:20:25","slug":"diverscites","status":"publish","type":"product","link":"https:\/\/www.editions-libel.fr\/maison-edition\/boutique\/diverscites\/","title":{"rendered":"Divers Cit\u00e9s"},"content":{"rendered":"[vc_row][vc_column][vc_column_text]<a href=\"https:\/\/heyzine.com\/flip-book\/c63ebd4278.html\" target=\"_blank\" rel=\"noopener noreferrer\"><span style=\"text-decoration: underline;\">Feuilleter un extrait<\/span><\/a><br \/>\n<span style=\"text-decoration: underline;\"><a href=\"https:\/\/www.editions-libel.fr\/maison-edition\/wp-content\/uploads\/SOMMAIRE-BOURGOGNE.pdf\" target=\"_blank\" rel=\"noopener noreferrer\">Voir le sommaire<\/a><\/span><br \/>\n<a href=\"https:\/\/www.editions-libel.fr\/maison-edition\/wp-content\/uploads\/DP_BOURGOGNE_bd.pdf\" target=\"_blank\" rel=\"noopener noreferrer\"><span style=\"text-decoration: underline;\">Dossier de presse<\/span><\/a><br \/>\n<a href=\"https:\/\/www.editions-libel.fr\/maison-edition\/wp-content\/uploads\/NOTICE_LIBEL_DIVERSCITES.pdf\" target=\"_blank\" rel=\"noopener noreferrer\"><span style=\"text-decoration: underline;\">Notice libraire<\/span><\/a><\/p>\n<p>&nbsp;<\/p>\n<p><strong>On en parle :<\/strong>[\/vc_column_text][\/vc_column][\/vc_row][vc_row][vc_column][vc_tta_pageable no_fill_content_area=\u00a0\u00bb1&Prime; active_section=\u00a0\u00bb1&Prime; pagination_color=\u00a0\u00bborange\u00a0\u00bb][vc_tta_section title=\u00a0\u00bbSection 1&Prime; tab_id=\u00a0\u00bb1590495228223-3dfaed6a-8c5f\u00a0\u00bb][vc_column_text]<em>Je tiens \u00e0 vous remercier chaleureusement pour le tr\u00e8s beau r\u00e9sultat du rendu des 2 publications \u00ab Divers-Cit\u00e9s \u00bb, qui sont aussi et bien entendu, la r\u00e9sultante du savoir-faire et de la valeur ajout\u00e9 de toute l\u2019\u00e9quipe Libel.<br \/>\n<\/em>Thierry Kuntz, photographe[\/vc_column_text][\/vc_tta_section][\/vc_tta_pageable][\/vc_column][\/vc_row]\n","protected":false},"excerpt":{"rendered":"<p><strong><span style=\"color: #cc0000;\"><b><br \/>\n<\/b><\/span><\/strong><strong>Les Grands Ensembles &#8211; Bourgogne &amp; Chalon-sur-Sa\u00f4ne<br \/>\nCahier du Patrimoine n\u00b0 118<\/strong> [Collectif]<\/p>\n<p class=\"bodytext\" style=\"text-align: justify;\">De quel h\u00e9ritage l\u2019espace urbain bourguignon est-il le produit ? C\u2019est \u00e0 cette question que s\u2019est int\u00e9ress\u00e9 le service de l\u2019Inventaire G\u00e9n\u00e9ral de la R\u00e9gion Bourgogne-Franche-Comt\u00e9. En mettant en lumi\u00e8re les quartiers et barres embl\u00e9matiques des grands ensembles \u00e9difi\u00e9s sur le territoire, cet ouvrage d\u00e9voile aussi les partis architecturaux et urbains adopt\u00e9s depuis les Trente Glorieuses. Richement illustr\u00e9, il permet de mieux comprendre le processus de construction des lieux de vie d\u2019hier et d\u2019aujourd\u2019hui.<\/p>\n<p class=\"bodytext\" style=\"text-align: justify;\">Ouvrage collectif, dirig\u00e9 et r\u00e9alis\u00e9 par le <b>service Inventaire et Patrimoine de la R\u00e9gion Bourgogne-Franche-Comt\u00e9,<\/b> dans la collection nationale des <b>Cahiers du Patrimoine<\/b>.<\/p>\n<p><strong><span style=\"color: #eb8367;\">\u00c9galement \u00e9dit\u00e9 avec ce partenaire <\/span>: <a href=\"https:\/\/www.editions-libel.fr\/maison-edition\/boutique\/memoires-urbaines\/\"><em>M\u00e9moires urbaines<\/em><\/a><\/strong><\/p>\n","protected":false},"featured_media":6333,"template":"","meta":[],"product_cat":[77,82,11,15,23,26],"product_tag":[109,122,119,123],"class_list":["post-5976","product","type-product","status-publish","has-post-thumbnail","hentry","product_cat-histoire-2","product_cat-libel","product_cat-architecture","product_cat-histoire","product_cat-regionalisme","product_cat-urbanisme","product_tag-architecture","product_tag-photographie","product_tag-urbanisme","product_tag-ville"],"_links":{"self":[{"href":"https:\/\/www.editions-libel.fr\/maison-edition\/wp-json\/wp\/v2\/product\/5976","targetHints":{"allow":["GET"]}}],"collection":[{"href":"https:\/\/www.editions-libel.fr\/maison-edition\/wp-json\/wp\/v2\/product"}],"about":[{"href":"https:\/\/www.editions-libel.fr\/maison-edition\/wp-json\/wp\/v2\/types\/product"}],"wp:featuredmedia":[{"embeddable":true,"href":"https:\/\/www.editions-libel.fr\/maison-edition\/wp-json\/wp\/v2\/media\/6333"}],"wp:attachment":[{"href":"https:\/\/www.editions-libel.fr\/maison-edition\/wp-json\/wp\/v2\/media?parent=5976"}],"wp:term":[{"taxonomy":"product_cat","embeddable":true,"href":"https:\/\/www.editions-libel.fr\/maison-edition\/wp-json\/wp\/v2\/product_cat?post=5976"},{"taxonomy":"product_tag","embeddable":true,"href":"https:\/\/www.editions-libel.fr\/maison-edition\/wp-json\/wp\/v2\/product_tag?post=5976"}],"curies":[{"name":"wp","href":"https:\/\/api.w.org\/{rel}","templated":true}]}}