{"id":1995,"date":"2016-04-14T11:13:48","date_gmt":"2016-04-14T10:13:48","guid":{"rendered":"http:\/\/www.editions-libel.fr\/maison-edition\/boutique\/se-chausser-sous-loccupation\/"},"modified":"2025-12-12T12:05:46","modified_gmt":"2025-12-12T11:05:46","slug":"se-chausser-sous-loccupation","status":"publish","type":"product","link":"https:\/\/www.editions-libel.fr\/maison-edition\/boutique\/se-chausser-sous-loccupation\/","title":{"rendered":"Se chausser sous l&rsquo;Occupation"},"content":{"rendered":"[vc_row][vc_column][vc_column_text]<span style=\"text-decoration: underline;\"><a href=\"https:\/\/heyzine.com\/flip-book\/e9c71f81de.html\" target=\"_blank\" rel=\"noopener noreferrer\">Feuilleter un extrait<\/a><br \/>\n<a href=\"https:\/\/www.editions-libel.fr\/maison-edition\/wp-content\/uploads\/SE-CHAUSSER-SOMMAIRE.pdf\" target=\"_blank\" rel=\"noopener noreferrer\">Voir le sommaire<\/a><\/span><br \/>\n<span style=\"text-decoration: underline;\"><a href=\"https:\/\/www.editions-libel.fr\/maison-edition\/wp-content\/uploads\/Presse-se-chausser.pdf\" target=\"_blank\" rel=\"noopener noreferrer\">Dossier de presse<\/a><\/span><br \/>\n<span style=\"text-decoration: underline;\"><a href=\"https:\/\/www.editions-libel.fr\/maison-edition\/wp-content\/uploads\/NOTICE_SCSO.pdf\" target=\"_blank\" rel=\"noopener noreferrer\">Notice libraire<\/a><\/span>[\/vc_column_text][\/vc_column][\/vc_row]\n","protected":false},"excerpt":{"rendered":"<p><strong>1940-1944<br \/>\n<\/strong>Entre 1940 et 1944, la population fran\u00e7aise subit le rationnement et la saisie de nombre de produits usuels, notamment les mat\u00e9riaux servant \u00e0 la confection et fabrication de v\u00eatements et chaussures. Semelles de bois, talons en li\u00e8ges, rubans, tissus doubl\u00e9s de peau de lapin\u2026, deviennent de fait \u00e0 la mode et r\u00e9v\u00e8lent,\u00a0aux pieds des\u00a0Fran\u00e7ais, toute l\u2019ing\u00e9niosit\u00e9 et l\u2019originalit\u00e9 de cette p\u00e9riode de p\u00e9nurie.<\/p>\n<p>Pour assurer sa publication, l\u2019ouvrage <em>Se chausser sous l\u2019Occupation, 1940-1944\u00a0<\/em>a fait l\u2019objet d\u2019un financement participatif sur la plateforme KissKissBankBank : <a href=\"http:\/\/www.kisskissbankbank.com\/se-chausser-sous-l-occupation\" target=\"_blank\" rel=\"noopener noreferrer\">www.kisskissbankbank.com\/se-chausser-sous-l-occupation<\/a><br \/>\nQue les 74 contributeurs en soient remerci\u00e9s !<\/p>\n<p><span class=\"Titre\"><span class=\"TexteLegende\"><span class=\"collapseomatic \" id=\"id69f4374c2528f\"  tabindex=\"0\" title=\"Voir plus\"    >Voir plus<\/span><div id=\"target-id69f4374c2528f\" class=\"collapseomatic_content \"><br \/>\n<\/span><\/span><em><span class=\"TexteLegende\">Marion Luengo, Alain Antelme, Alexandra Hay, Muriel Marmin, Jacques Genais, Annabelle Barbarit, Marie-Genevi\u00e8ve Boucard, Andr\u00e9 et Fran\u00e7oise Pelard, Solenn George, Francis Ferre, Jean-Pierre Sabardeil, Luc Perrocheau, Cindy Tesson, Aur\u00e9lie Caillaud, Alain et Nicole Texier, Sonia Papin, Clothilde Thioux-Adde, Christine Lemonnier, Anne-Marie Loizeau, Baptiste Pag\u00e8s, Jean-Michel Leroux, Gr\u00e9gory Turpaud, Pauline Porcher, Th\u00e9r\u00e8se Maugis, Claire Baubry, Vincent Baubry, Laurent Antelme, St\u00e9phanie Louis, Jean-Luc Mazouin, Claudio Mancini, M\u00e9lanie Azurmendi-Barbarit, Claude Tiano, V\u00e9ronique Jeanni\u00e8re, \u00c9tienne Perrocheau, Isabelle Forgeron, Sophie Durand, Sylvie de Larminat, Myriam Gohar, \u00c9ric Gaillard, St\u00e9phanie Crouy, Christelle Antelme, Jessica Joseph, Marcelle Jolly, Claudine Regnault, Christel Chauveau, Florence Maugis, No\u00ebline Noslier, Aline Curchod, Laurence Bourel, Cl\u00e9mence Nerbusson, Denise Antelme, Paulette Ponchon, Guillaume Hortal, Christiane Antelme, Aur\u00e9lia Etique, Audrey Dumas-Simard, Audrey Rius-Renaud, Ang\u00e9line Andr\u00e9, Annick Barbarit, Anne-Laure Le Hay, Marie Watier, Martine Antelme, Jean-Pierre L\u2019Audouini\u00e8re, Olivier Antelme, Sylvie Potier, Delphine Cheval, Jean-Luc Mar\u00e9chal, Agathe Chauplannaz, Val\u00e9rie Barbarit, Arnaud Warion, Maurizio Rofrano, R\u00e9solution HD, Gilbert Hulin<\/span><\/em><\/p>\n<p><\/div><\/p>\n","protected":false},"featured_media":5366,"template":"","meta":[],"product_cat":[82,15,16,19],"product_tag":[132,103,99],"class_list":["post-1995","product","type-product","status-publish","has-post-thumbnail","hentry","product_cat-libel","product_cat-histoire","product_cat-histoire-des-conflits","product_cat-mode","product_tag-culture","product_tag-memoire-des-conflits","product_tag-savoir-faire"],"_links":{"self":[{"href":"https:\/\/www.editions-libel.fr\/maison-edition\/wp-json\/wp\/v2\/product\/1995","targetHints":{"allow":["GET"]}}],"collection":[{"href":"https:\/\/www.editions-libel.fr\/maison-edition\/wp-json\/wp\/v2\/product"}],"about":[{"href":"https:\/\/www.editions-libel.fr\/maison-edition\/wp-json\/wp\/v2\/types\/product"}],"wp:featuredmedia":[{"embeddable":true,"href":"https:\/\/www.editions-libel.fr\/maison-edition\/wp-json\/wp\/v2\/media\/5366"}],"wp:attachment":[{"href":"https:\/\/www.editions-libel.fr\/maison-edition\/wp-json\/wp\/v2\/media?parent=1995"}],"wp:term":[{"taxonomy":"product_cat","embeddable":true,"href":"https:\/\/www.editions-libel.fr\/maison-edition\/wp-json\/wp\/v2\/product_cat?post=1995"},{"taxonomy":"product_tag","embeddable":true,"href":"https:\/\/www.editions-libel.fr\/maison-edition\/wp-json\/wp\/v2\/product_tag?post=1995"}],"curies":[{"name":"wp","href":"https:\/\/api.w.org\/{rel}","templated":true}]}}